{"id":8221,"date":"2024-10-04T10:33:48","date_gmt":"2024-10-04T10:33:48","guid":{"rendered":"https:\/\/dentique-co.com\/artleads\/teeth-whitening\/"},"modified":"2025-12-27T03:17:01","modified_gmt":"2025-12-27T03:17:01","slug":"blanchiment-des-dents","status":"publish","type":"page","link":"https:\/\/dentique-co.com\/fr\/services\/blanchiment-des-dents\/","title":{"rendered":"Blanchiment des dents"},"content":{"rendered":"\t\t<div data-elementor-type=\"wp-page\" data-elementor-id=\"8221\" class=\"elementor elementor-8221\">\n\t\t\t\t<div class=\"elementor-element elementor-element-89c29c3 e-flex e-con-boxed e-con e-parent\" data-id=\"89c29c3\" data-element_type=\"container\" data-e-type=\"container\" data-settings=\"{&quot;background_background&quot;:&quot;classic&quot;}\">\n\t\t\t\t\t<div class=\"e-con-inner\">\n\t\t<div class=\"elementor-element elementor-element-dca0ab1 e-con-full e-flex e-con e-child\" data-id=\"dca0ab1\" data-element_type=\"container\" data-e-type=\"container\">\n\t\t\t\t<div class=\"elementor-element elementor-element-7b54785 at-heading-animation at-animation-heading-style-3 elementor-widget elementor-widget-heading\" data-id=\"7b54785\" data-element_type=\"widget\" data-e-type=\"widget\" data-settings=\"{&quot;ekit_we_effect_on&quot;:&quot;none&quot;}\" data-widget_type=\"heading.default\">\n\t\t\t\t<div class=\"elementor-widget-container\">\n\t\t\t\t\t<h1 class=\"elementor-heading-title elementor-size-default\">Blanchiment Dentaire<\/h1>\t\t\t\t<\/div>\n\t\t\t\t<\/div>\n\t\t\t\t<div class=\"elementor-element elementor-element-671e4d8 elementor-invisible elementor-widget elementor-widget-elementskit-breadcrumb\" data-id=\"671e4d8\" data-element_type=\"widget\" data-e-type=\"widget\" data-settings=\"{&quot;_animation&quot;:&quot;fadeInUp&quot;,&quot;ekit_we_effect_on&quot;:&quot;none&quot;}\" data-widget_type=\"elementskit-breadcrumb.default\">\n\t\t\t\t<div class=\"elementor-widget-container\">\n\t\t\t\t\t<div class=\"ekit-wid-con\" ><ol class=\"ekit-breadcrumb\"><li class=\"ekit_breadcrumbs_start\"><a href=\"https:\/\/dentique-co.com\/fr\/\">Home<\/a><\/li> <li class=\"brd_sep\"><span class=\"separate_icon\"><svg xmlns=\"http:\/\/www.w3.org\/2000\/svg\" width=\"6\" height=\"11\" viewBox=\"0 0 6 11\"><path d=\"M0.47836 9.94636L2.28556 5.06251L4.09276 0.178656L5.17933 0.256117L1.56493 10.0238L0.47836 9.94636Z\" fill=\"white\"><\/path><\/svg><\/span><\/li> <li><a href=\"https:\/\/dentique-co.com\/fr\/services\/\" title=\"Soins Dentaires\">Soins Dentaires<\/a><\/li> <li class=\"brd_sep\"><span class=\"separate_icon\"><svg xmlns=\"http:\/\/www.w3.org\/2000\/svg\" width=\"6\" height=\"11\" viewBox=\"0 0 6 11\"><path d=\"M0.47836 9.94636L2.28556 5.06251L4.09276 0.178656L5.17933 0.256117L1.56493 10.0238L0.47836 9.94636Z\" fill=\"white\"><\/path><\/svg><\/span><\/li>  <li>Blanchiment des dents<\/li><\/ol><\/div>\t\t\t\t<\/div>\n\t\t\t\t<\/div>\n\t\t\t\t<\/div>\n\t\t\t\t\t<\/div>\n\t\t\t\t<\/div>\n\t\t<div class=\"elementor-element elementor-element-32bcbab e-flex e-con-boxed e-con e-parent\" data-id=\"32bcbab\" data-element_type=\"container\" data-e-type=\"container\">\n\t\t\t\t\t<div class=\"e-con-inner\">\n\t\t<div class=\"elementor-element elementor-element-f63b7ec e-con-full e-flex e-con e-child\" data-id=\"f63b7ec\" data-element_type=\"container\" data-e-type=\"container\">\n\t\t<div class=\"elementor-element elementor-element-0ebd1f9 e-con-full e-flex e-con e-child\" data-id=\"0ebd1f9\" data-element_type=\"container\" data-e-type=\"container\">\n\t\t\t\t<div class=\"elementor-element elementor-element-5a09694 elementor-pagination-position-inside v2-service-slider-image elementor-invisible elementor-widget elementor-widget-image-carousel\" data-id=\"5a09694\" data-element_type=\"widget\" data-e-type=\"widget\" data-settings=\"{&quot;slides_to_show&quot;:&quot;1&quot;,&quot;navigation&quot;:&quot;dots&quot;,&quot;_animation&quot;:&quot;fadeIn&quot;,&quot;_animation_delay&quot;:200,&quot;autoplay&quot;:&quot;yes&quot;,&quot;pause_on_hover&quot;:&quot;yes&quot;,&quot;pause_on_interaction&quot;:&quot;yes&quot;,&quot;autoplay_speed&quot;:5000,&quot;infinite&quot;:&quot;yes&quot;,&quot;effect&quot;:&quot;slide&quot;,&quot;speed&quot;:500,&quot;ekit_we_effect_on&quot;:&quot;none&quot;}\" data-widget_type=\"image-carousel.default\">\n\t\t\t\t<div class=\"elementor-widget-container\">\n\t\t\t\t\t\t\t<div class=\"elementor-image-carousel-wrapper swiper\" role=\"region\" aria-roledescription=\"carousel\" aria-label=\"Image Carousel\" dir=\"ltr\">\n\t\t\t<div class=\"elementor-image-carousel swiper-wrapper\" aria-live=\"off\">\n\t\t\t\t\t\t\t\t<div class=\"swiper-slide\" role=\"group\" aria-roledescription=\"slide\" aria-label=\"1 sur 1\"><figure class=\"swiper-slide-inner\"><img decoding=\"async\" class=\"swiper-slide-image\" src=\"https:\/\/dentique-co.com\/wp-content\/uploads\/2025\/12\/teeth-whitening-In-Turkey-with-Dentique.webp\" alt=\"Teeth whitening in Turkey with Dentique, showing a patient receiving professional laser teeth whitening treatment for a brighter, natural-looking smile in a modern dental clinic.\" \/><\/figure><\/div>\t\t\t<\/div>\n\t\t\t\t\t<\/div>\n\t\t\t\t\t\t<\/div>\n\t\t\t\t<\/div>\n\t\t\t\t<\/div>\n\t\t<div class=\"elementor-element elementor-element-d54c1b0 e-con-full e-flex e-con e-child\" data-id=\"d54c1b0\" data-element_type=\"container\" data-e-type=\"container\">\n\t\t\t\t<div class=\"elementor-element elementor-element-1719713 elementor-invisible elementor-widget elementor-widget-text-editor\" data-id=\"1719713\" data-element_type=\"widget\" data-e-type=\"widget\" data-settings=\"{&quot;_animation&quot;:&quot;fadeInUp&quot;,&quot;ekit_we_effect_on&quot;:&quot;none&quot;}\" data-widget_type=\"text-editor.default\">\n\t\t\t\t<div class=\"elementor-widget-container\">\n\t\t\t\t\t\t\t\t\t<p>Soyons honn\u00eates un instant: un sourire d&rsquo;une blancheur \u00e9clatante respire la sant\u00e9 et la confiance en soi, n&rsquo;est-ce pas? Mais la vie passe par l\u00e0. Tout ce caf\u00e9, ce th\u00e9, ce vin rouge, ou simplement le fait de vieillir, peut totalement ternir vos dents, laissant derri\u00e8re lui ces taches tenaces et profondes qu&rsquo;aucun brossage ne semble vaincre. C&rsquo;est l\u00e0 que le\u00a0<b>blanchiment dentaire<\/b>\u00a0entre en sc\u00e8ne. C&rsquo;est sans aucun doute le moyen le plus rapide, le plus s\u00fbr et le plus \u00e9conomique de remonter le temps sur votre apparence et de retrouver ce sourire fantastique et \u00e9tincelant.<\/p><p>\u00c0 la clinique Dentique d&rsquo;Istanbul, nous ne plaisantons pas avec des produits de pharmacie inefficaces. Nous proposons des solutions de\u00a0<b>blanchiment professionnel<\/b>\u00a0de qualit\u00e9 sup\u00e9rieure qui surpassent de loin les kits en vente libre. Nous utilisons des gels de\u00a0<b>peroxyde<\/b>\u00a0ultra-efficaces et m\u00e9dicalement prouv\u00e9s, souvent associ\u00e9s \u00e0 une technologie lumineuse de pointe, pour \u00e9liminer s\u00e9rieusement ces taches profondes. Nous parlons de plusieurs teintes de gagn\u00e9es, g\u00e9n\u00e9ralement en une seule visite rapide.<\/p>\t\t\t\t\t\t\t\t<\/div>\n\t\t\t\t<\/div>\n\t\t\t\t<div class=\"elementor-element elementor-element-61f5e14 at-heading-animation at-animation-heading-style-3 elementor-widget elementor-widget-heading\" data-id=\"61f5e14\" data-element_type=\"widget\" data-e-type=\"widget\" data-settings=\"{&quot;ekit_we_effect_on&quot;:&quot;none&quot;}\" data-widget_type=\"heading.default\">\n\t\t\t\t<div class=\"elementor-widget-container\">\n\t\t\t\t\t<h2 class=\"elementor-heading-title elementor-size-default\">Comprendre pourquoi nos dents perdent leur \u00e9clat\n<\/h2>\t\t\t\t<\/div>\n\t\t\t\t<\/div>\n\t\t\t\t<div class=\"elementor-element elementor-element-892ffff elementor-invisible elementor-widget elementor-widget-text-editor\" data-id=\"892ffff\" data-element_type=\"widget\" data-e-type=\"widget\" data-settings=\"{&quot;_animation&quot;:&quot;fadeInUp&quot;,&quot;_animation_delay&quot;:100,&quot;ekit_we_effect_on&quot;:&quot;none&quot;}\" data-widget_type=\"text-editor.default\">\n\t\t\t\t<div class=\"elementor-widget-container\">\n\t\t\t\t\t\t\t\t\t<p>Les dents ne jaunissent pas de mani\u00e8re uniforme. La d\u00e9coloration survient principalement de deux fa\u00e7ons, et conna\u00eetre le coupable nous aide \u00e0 choisir le plan de bataille parfait:<\/p><ul><li aria-level=\"1\"><b>Taches extrins\u00e8ques:<\/b>\u00a0Voyez-les comme des salissures \u00e0 la surface. Elles sont caus\u00e9es par tout ce que nous mangeons et buvons de sombre (ce verre de vin, votre caf\u00e9 du matin, les baies, les sodas fonc\u00e9s) ou, bien s\u00fbr, le tabac. Ce sont g\u00e9n\u00e9ralement les plus faciles \u00e0 chasser.<\/li><li aria-level=\"1\"><b>Taches intrins\u00e8ques:<\/b>\u00a0Ce sont les fauteurs de troubles profonds, vivant r\u00e9ellement \u00e0 l&rsquo;int\u00e9rieur de la structure de la dent (dans la couche de la\u00a0<b>dentine<\/b>). Elles peuvent appara\u00eetre \u00e0 cause du vieillissement, de la g\u00e9n\u00e9tique (merci maman et papa!), de certains m\u00e9dicaments (comme la t\u00e9tracycline) ou m\u00eame d&rsquo;un traumatisme pass\u00e9 sur une dent. Celles-ci exigent vraiment des traitements de force professionnelle pour s&rsquo;\u00e9claircir v\u00e9ritablement.<\/li><\/ul>\t\t\t\t\t\t\t\t<\/div>\n\t\t\t\t<\/div>\n\t\t\t\t<div class=\"elementor-element elementor-element-18f3f3d at-heading-animation at-animation-heading-style-3 elementor-widget elementor-widget-heading\" data-id=\"18f3f3d\" data-element_type=\"widget\" data-e-type=\"widget\" data-settings=\"{&quot;ekit_we_effect_on&quot;:&quot;none&quot;}\" data-widget_type=\"heading.default\">\n\t\t\t\t<div class=\"elementor-widget-container\">\n\t\t\t\t\t<h2 class=\"elementor-heading-title elementor-size-default\">Les options de blanchiment personnalis\u00e9es de Dentique: Choisissez votre rythme\n<\/h2>\t\t\t\t<\/div>\n\t\t\t\t<\/div>\n\t\t\t\t<div class=\"elementor-element elementor-element-aa337d4 elementor-invisible elementor-widget elementor-widget-text-editor\" data-id=\"aa337d4\" data-element_type=\"widget\" data-e-type=\"widget\" data-settings=\"{&quot;_animation&quot;:&quot;fadeInUp&quot;,&quot;_animation_delay&quot;:100,&quot;ekit_we_effect_on&quot;:&quot;none&quot;}\" data-widget_type=\"text-editor.default\">\n\t\t\t\t<div class=\"elementor-widget-container\">\n\t\t\t\t\t\t\t\t\t<p>We\u2019ve got two main pathways to a brighter smile, designed to fit your schedule and how much staining you\u2019re dealing with:<\/p><h3>1. In-Office Laser\/Light Activated Whitening (The \u00ab\u00a0Zap and Go\u00a0\u00bb Method)<\/h3><p>This is the ultimate instant-gratification option. If you need super-fast results and are battling those deep intrinsic stains, this is your winner.<\/p><ul><li aria-level=\"1\"><b>The Procedure:<\/b>\u00a0Our dental pro gets to work, carefully isolating your gums and lips. We protect every soft bit to prevent any irritation. Then, a powerful, clinical-grade hydrogen peroxide gel is applied directly to your teeth. A special\u00a0<b>LED or laser light<\/b>\u00a0then blasts the gel, waking up the whitening agent and turbo-charging the release of oxygen molecules deep within your enamel. We usually repeat this whole process for 2-3 short cycles.<\/li><li aria-level=\"1\"><b>Results:<\/b>\u00a0You literally walk out of the clinic with a visibly brighter smile, often jumping\u00a0<b>5 to 8 shades lighter<\/b>, all done in just about\u00a0<b>60 to 90 minutes<\/b>.<\/li><\/ul><p>Here&rsquo;s how much of a difference we can make in a single visit:<\/p><h3>2. Professional Take-Home Kits (The Flexible Approach)<\/h3><p>This option is perfect for folks who prefer to whiten at their own pace, comfortably at home, or perhaps as a top-up after doing the in-office blitz.<\/p><ul><li aria-level=\"1\"><b>The Kit:<\/b>\u00a0We start by grabbing super-precise molds of your teeth. Why? To custom-make trays that fit you like a glove. These perfect-fit trays are key because they guarantee the whitening gel hits every single spot on your teeth and, crucially, doesn&rsquo;t leak out onto your gums. You get a supply of high-strength gel (carbamide peroxide), the good stuff;not the weak liquid you find in a plastic syringe at the store.<\/li><li aria-level=\"1\"><b>Usage:<\/b>\u00a0You simply fill the trays and wear them for a specific time each day (it could be 30 minutes or a few hours, depending on the concentration). You do this consistently for about 10 to 14 days, and the results are consistently fantastic.<\/li><\/ul><p>Look at the difference between a custom tray and a store-bought one:<\/p><p><img fetchpriority=\"high\" decoding=\"async\" class=\"aligncenter wp-image-8247 size-full\" src=\"http:\/\/dentique-co.com\/artleads\/wp-content\/uploads\/2025\/12\/Les-options-de-blanchiment-personnalisees-de-Dentique.jpg\" alt=\"Les options de blanchiment dentaire personnalise\u0301es de Dentique\" width=\"1024\" height=\"1024\" srcset=\"https:\/\/dentique-co.com\/wp-content\/uploads\/2025\/12\/Les-options-de-blanchiment-personnalisees-de-Dentique.jpg 1024w, https:\/\/dentique-co.com\/wp-content\/uploads\/2025\/12\/Les-options-de-blanchiment-personnalisees-de-Dentique-300x300.jpg 300w, https:\/\/dentique-co.com\/wp-content\/uploads\/2025\/12\/Les-options-de-blanchiment-personnalisees-de-Dentique-150x150.jpg 150w, https:\/\/dentique-co.com\/wp-content\/uploads\/2025\/12\/Les-options-de-blanchiment-personnalisees-de-Dentique-768x768.jpg 768w\" sizes=\"(max-width: 1024px) 100vw, 1024px\" \/><\/p>\t\t\t\t\t\t\t\t<\/div>\n\t\t\t\t<\/div>\n\t\t\t\t<div class=\"elementor-element elementor-element-51d7316 at-heading-animation at-animation-heading-style-3 elementor-widget elementor-widget-heading\" data-id=\"51d7316\" data-element_type=\"widget\" data-e-type=\"widget\" data-settings=\"{&quot;ekit_we_effect_on&quot;:&quot;none&quot;}\" data-widget_type=\"heading.default\">\n\t\t\t\t<div class=\"elementor-widget-container\">\n\t\t\t\t\t<h2 class=\"elementor-heading-title elementor-size-default\">Le processus de blanchiment chez Dentique: La s\u00e9curit\u00e9 d'abord<\/h2>\t\t\t\t<\/div>\n\t\t\t\t<\/div>\n\t\t\t\t<div class=\"elementor-element elementor-element-b599aa8 elementor-invisible elementor-widget elementor-widget-text-editor\" data-id=\"b599aa8\" data-element_type=\"widget\" data-e-type=\"widget\" data-settings=\"{&quot;_animation&quot;:&quot;fadeInUp&quot;,&quot;_animation_delay&quot;:100,&quot;ekit_we_effect_on&quot;:&quot;none&quot;}\" data-widget_type=\"text-editor.default\">\n\t\t\t\t<div class=\"elementor-widget-container\">\n\t\t\t\t\t\t\t\t\t<p>Votre confort et votre s\u00e9curit\u00e9 ne sont pas n\u00e9gociables ici. Une s\u00e9ance de blanchiment professionnelle implique des \u00e9tapes minutieuses ; il ne s&rsquo;agit pas juste d&rsquo;\u00e9taler du gel.<\/p><ul><li aria-level=\"1\"><b>\u00c9tape 1: Examen et nettoyage:<\/b>\u00a0Tout d&rsquo;abord, votre dentiste va v\u00e9rifier vos dents et vos gencives pour s&rsquo;assurer qu&rsquo;elles sont assez saines pour le blanchiment. Si nous rep\u00e9rons de la plaque ou du tartre durci, nous devrons d&rsquo;abord faire un nettoyage rapide. Cette \u00e9tape est n\u00e9cessaire pour s&rsquo;assurer que le gel travaille sur l&rsquo;\u00e9mail r\u00e9el, et non sur des d\u00e9p\u00f4ts.<\/li><li aria-level=\"1\"><b>\u00c9tape 2: S\u00e9lection de la teinte et protection:<\/b>\u00a0Le dentiste note votre teinte de base actuelle. Vient ensuite l&rsquo;\u00e9quipement de protection: nous pla\u00e7ons m\u00e9ticuleusement des barri\u00e8res sur vos gencives et autres tissus mous. Nous faisons cela pour stopper toute irritation due au gel puissant. Vous porterez probablement des lunettes de protection \u00e9galement.<\/li><li aria-level=\"1\"><b>\u00c9tape 3: Application et activation:<\/b>\u00a0Le gel de blanchiment professionnel est appliqu\u00e9. Ensuite, nous utilisons la lumi\u00e8re sp\u00e9cialis\u00e9e ou le laser pour r\u00e9veiller le gel. Cette \u00e9tape d&rsquo;activation acc\u00e9l\u00e8re litt\u00e9ralement la r\u00e9action chimique qui brise ces vilaines mol\u00e9cules de taches en minuscules morceaux. Cette partie prend environ 15 minutes et est r\u00e9p\u00e9t\u00e9e jusqu&rsquo;\u00e0 trois fois.<\/li><li aria-level=\"1\"><b>\u00c9tape 4: R\u00e9v\u00e9lation finale:<\/b> C&rsquo;est l&rsquo;heure du rin\u00e7age! Nous lavons le gel, retirons toutes les protections, et vient la partie amusante: tenir le teintier pour comparer votre nouvelle couleur \u00e9clatante avec l&rsquo;ancienne.<\/li><\/ul><p><img decoding=\"async\" class=\"aligncenter wp-image-8249 size-full\" src=\"http:\/\/dentique-co.com\/artleads\/wp-content\/uploads\/2025\/12\/Le-processus-de-blanchiment-dentaaire-en-Turquie-chez-Dentique--e1766742831489.jpg\" alt=\"Le processus de blanchiment dentaaire en Turquie chez Dentique\" width=\"1024\" height=\"900\" srcset=\"https:\/\/dentique-co.com\/wp-content\/uploads\/2025\/12\/Le-processus-de-blanchiment-dentaaire-en-Turquie-chez-Dentique--e1766742831489.jpg 1024w, https:\/\/dentique-co.com\/wp-content\/uploads\/2025\/12\/Le-processus-de-blanchiment-dentaaire-en-Turquie-chez-Dentique--e1766742831489-300x264.jpg 300w, https:\/\/dentique-co.com\/wp-content\/uploads\/2025\/12\/Le-processus-de-blanchiment-dentaaire-en-Turquie-chez-Dentique--e1766742831489-768x675.jpg 768w\" sizes=\"(max-width: 1024px) 100vw, 1024px\" \/><\/p>\t\t\t\t\t\t\t\t<\/div>\n\t\t\t\t<\/div>\n\t\t\t\t<div class=\"elementor-element elementor-element-667f866 at-heading-animation at-animation-heading-style-3 elementor-widget elementor-widget-heading\" data-id=\"667f866\" data-element_type=\"widget\" data-e-type=\"widget\" data-settings=\"{&quot;ekit_we_effect_on&quot;:&quot;none&quot;}\" data-widget_type=\"heading.default\">\n\t\t\t\t<div class=\"elementor-widget-container\">\n\t\t\t\t\t<h2 class=\"elementor-heading-title elementor-size-default\">Garder ce sourire \u00e9clatant sur le long terme\n<\/h2>\t\t\t\t<\/div>\n\t\t\t\t<\/div>\n\t\t\t\t<div class=\"elementor-element elementor-element-ad5fb44 elementor-invisible elementor-widget elementor-widget-text-editor\" data-id=\"ad5fb44\" data-element_type=\"widget\" data-e-type=\"widget\" data-settings=\"{&quot;_animation&quot;:&quot;fadeInUp&quot;,&quot;_animation_delay&quot;:100,&quot;ekit_we_effect_on&quot;:&quot;none&quot;}\" data-widget_type=\"text-editor.default\">\n\t\t\t\t<div class=\"elementor-widget-container\">\n\t\t\t\t\t\t\t\t\t<p>Un blanchiment professionnel peut rester magnifique entre six mois et trois ans. La v\u00e9rit\u00e9 est que sa dur\u00e9e d\u00e9pend presque enti\u00e8rement de votre mode de vie par la suite.<\/p><ul><li aria-level=\"1\"><b>Entretien:<\/b>\u00a0Utilisez les kits professionnels \u00e0 domicile que nous vous fournissons pour des retouches rapides tous les deux mois. C&rsquo;est particuli\u00e8rement vital si vous refusez d&rsquo;abandonner votre rituel quotidien de caf\u00e9 ou de vin.<\/li><li aria-level=\"1\"><b>Sensibilisation alimentaire:<\/b>\u00a0Vous devez \u00eatre tr\u00e8s prudent durant les premi\u00e8res 48 heures apr\u00e8s le traitement. \u00c9vitez ou limitez s\u00e9rieusement les aliments fortement pigment\u00e9s: vin rouge, caf\u00e9, sodas fonc\u00e9s, sauce soja, etc. Vos dents sont extr\u00eamement poreuses juste apr\u00e8s le traitement.<\/li><li aria-level=\"1\"><b>Hygi\u00e8ne bucco-dentaire:<\/b>\u00a0Se brosser les dents et utiliser du fil dentaire avec diligence n&rsquo;est pas seulement pour la sant\u00e9 dentaire ; c&rsquo;est absolument crucial pour minimiser l&rsquo;accumulation de nouvelles taches de surface.<\/li><\/ul>\t\t\t\t\t\t\t\t<\/div>\n\t\t\t\t<\/div>\n\t\t\t\t<\/div>\n\t\t<div class=\"elementor-element elementor-element-2027528 e-con-full e-flex e-con e-child\" data-id=\"2027528\" data-element_type=\"container\" data-e-type=\"container\">\n\t\t\t\t<div class=\"elementor-element elementor-element-641f51e section-title at-heading-animation at-animation-heading-none elementor-widget elementor-widget-heading\" data-id=\"641f51e\" data-element_type=\"widget\" data-e-type=\"widget\" data-settings=\"{&quot;ekit_we_effect_on&quot;:&quot;none&quot;}\" data-widget_type=\"heading.default\">\n\t\t\t\t<div class=\"elementor-widget-container\">\n\t\t\t\t\t<h3 class=\"elementor-heading-title elementor-size-default\">Faqs<\/h3>\t\t\t\t<\/div>\n\t\t\t\t<\/div>\n\t\t\t\t<div class=\"elementor-element elementor-element-71c4b2d at-heading-animation at-animation-heading-style-3 elementor-widget elementor-widget-heading\" data-id=\"71c4b2d\" data-element_type=\"widget\" data-e-type=\"widget\" data-settings=\"{&quot;ekit_we_effect_on&quot;:&quot;none&quot;}\" data-widget_type=\"heading.default\">\n\t\t\t\t<div class=\"elementor-widget-container\">\n\t\t\t\t\t<h2 class=\"elementor-heading-title elementor-size-default\">FAQ sur le blanchiment dentaire\n<\/h2>\t\t\t\t<\/div>\n\t\t\t\t<\/div>\n\t\t\t\t<div class=\"elementor-element elementor-element-492fd4e v2-our-faqs-accordion elementor-widget elementor-widget-elementskit-accordion\" data-id=\"492fd4e\" data-element_type=\"widget\" data-e-type=\"widget\" data-settings=\"{&quot;ekit_we_effect_on&quot;:&quot;none&quot;}\" data-widget_type=\"elementskit-accordion.default\">\n\t\t\t\t<div class=\"elementor-widget-container\">\n\t\t\t\t\t<div class=\"ekit-wid-con\" >\n        <div class=\"elementskit-accordion accoedion-primary\" id=\"accordion-69f0e572dbb45\">\n\n            \n                <div class=\"elementskit-card active\">\n                    <div class=\"elementskit-card-header\" id=\"primaryHeading-0-492fd4e\">\n                        <a href=\"#collapse-9dcfa4d69f0e572dbb45\" class=\"ekit-accordion--toggler elementskit-btn-link collapsed\" data-ekit-toggle=\"collapse\" data-target=\"#Collapse-9dcfa4d69f0e572dbb45\" aria-expanded=\"true\" aria-controls=\"Collapse-9dcfa4d69f0e572dbb45\">\n                            \n                            <span class=\"ekit-accordion-title\">Le blanchiment est-il s\u00fbr pour mon \u00e9mail?<\/span>\n\n                            \n                                <div class=\"ekit_accordion_icon_group\">\n                                    <div class=\"ekit_accordion_normal_icon\">\n                                        <!-- Normal Icon -->\n\t\t\t\t\t\t\t\t\t\t<i class=\"fas fa-plus\"><\/i>                                    <\/div>\n\n                                    <div class=\"ekit_accordion_active_icon\">\n                                        <!-- Active Icon -->\n\t\t\t\t\t\t\t\t\t\t<i class=\"fas fa-minus\"><\/i>                                    <\/div>\n                                <\/div>\n\n                            \n                                                    <\/a>\n                    <\/div>\n\n                    <div id=\"Collapse-9dcfa4d69f0e572dbb45\" class=\" show collapse\" aria-labelledby=\"primaryHeading-0-492fd4e\" data-parent=\"#accordion-69f0e572dbb45\">\n\n                        <div class=\"elementskit-card-body ekit-accordion--content\">\n                            <p>Oui, le blanchiment professionnel est incroyablement s\u00fbr. Lorsqu'un dentiste supervise le tout, le processus n'endommagera pas et n'affinera pas votre \u00e9mail. Nous surveillons la proc\u00e9dure pour garantir la s\u00e9curit\u00e9.<\/p>                        <\/div>\n\n                    <\/div>\n\n                <\/div><!-- .elementskit-card END -->\n\n                \n                <div class=\"elementskit-card \">\n                    <div class=\"elementskit-card-header\" id=\"primaryHeading-1-492fd4e\">\n                        <a href=\"#collapse-ae70aa869f0e572dbb45\" class=\"ekit-accordion--toggler elementskit-btn-link collapsed\" data-ekit-toggle=\"collapse\" data-target=\"#Collapse-ae70aa869f0e572dbb45\" aria-expanded=\"false\" aria-controls=\"Collapse-ae70aa869f0e572dbb45\">\n                            \n                            <span class=\"ekit-accordion-title\">Combien de temps dure le rendez-vous au cabinet?<\/span>\n\n                            \n                                <div class=\"ekit_accordion_icon_group\">\n                                    <div class=\"ekit_accordion_normal_icon\">\n                                        <!-- Normal Icon -->\n\t\t\t\t\t\t\t\t\t\t<i class=\"fas fa-plus\"><\/i>                                    <\/div>\n\n                                    <div class=\"ekit_accordion_active_icon\">\n                                        <!-- Active Icon -->\n\t\t\t\t\t\t\t\t\t\t<i class=\"fas fa-minus\"><\/i>                                    <\/div>\n                                <\/div>\n\n                            \n                                                    <\/a>\n                    <\/div>\n\n                    <div id=\"Collapse-ae70aa869f0e572dbb45\" class=\" collapse\" aria-labelledby=\"primaryHeading-1-492fd4e\" data-parent=\"#accordion-69f0e572dbb45\">\n\n                        <div class=\"elementskit-card-body ekit-accordion--content\">\n                            <p>Pr\u00e9voyez d'\u00eatre avec nous pendant environ 90 minutes au total. Cela inclut tout le travail de pr\u00e9paration, les trois cycles d'activation lumineuse et la r\u00e9v\u00e9lation finale de la teinte.<\/p>                        <\/div>\n\n                    <\/div>\n\n                <\/div><!-- .elementskit-card END -->\n\n                \n                <div class=\"elementskit-card \">\n                    <div class=\"elementskit-card-header\" id=\"primaryHeading-2-492fd4e\">\n                        <a href=\"#collapse-bcee0f169f0e572dbb45\" class=\"ekit-accordion--toggler elementskit-btn-link collapsed\" data-ekit-toggle=\"collapse\" data-target=\"#Collapse-bcee0f169f0e572dbb45\" aria-expanded=\"false\" aria-controls=\"Collapse-bcee0f169f0e572dbb45\">\n                            \n                            <span class=\"ekit-accordion-title\">Mes dents seront-elles sensibles apr\u00e8s?<\/span>\n\n                            \n                                <div class=\"ekit_accordion_icon_group\">\n                                    <div class=\"ekit_accordion_normal_icon\">\n                                        <!-- Normal Icon -->\n\t\t\t\t\t\t\t\t\t\t<i class=\"fas fa-plus\"><\/i>                                    <\/div>\n\n                                    <div class=\"ekit_accordion_active_icon\">\n                                        <!-- Active Icon -->\n\t\t\t\t\t\t\t\t\t\t<i class=\"fas fa-minus\"><\/i>                                    <\/div>\n                                <\/div>\n\n                            \n                                                    <\/a>\n                    <\/div>\n\n                    <div id=\"Collapse-bcee0f169f0e572dbb45\" class=\" collapse\" aria-labelledby=\"primaryHeading-2-492fd4e\" data-parent=\"#accordion-69f0e572dbb45\">\n\n                        <div class=\"elementskit-card-body ekit-accordion--content\">\n                            <p>Il est tr\u00e8s courant de ressentir une sensibilit\u00e9 temporaire, surtout \u00e0 l'air froid ou \u00e0 l'eau, mais cela se calme presque toujours en 24 \u00e0 48 heures. Nous pouvons sugg\u00e9rer un dentifrice d\u00e9sensibilisant sp\u00e9cial \u00e0 utiliser imm\u00e9diatement apr\u00e8s.<\/p>                        <\/div>\n\n                    <\/div>\n\n                <\/div><!-- .elementskit-card END -->\n\n                \n                <div class=\"elementskit-card \">\n                    <div class=\"elementskit-card-header\" id=\"primaryHeading-3-492fd4e\">\n                        <a href=\"#collapse-fd98bf569f0e572dbb45\" class=\"ekit-accordion--toggler elementskit-btn-link collapsed\" data-ekit-toggle=\"collapse\" data-target=\"#Collapse-fd98bf569f0e572dbb45\" aria-expanded=\"false\" aria-controls=\"Collapse-fd98bf569f0e572dbb45\">\n                            \n                            <span class=\"ekit-accordion-title\">Est-ce que cela fonctionne sur les couronnes ou les plombages?<\/span>\n\n                            \n                                <div class=\"ekit_accordion_icon_group\">\n                                    <div class=\"ekit_accordion_normal_icon\">\n                                        <!-- Normal Icon -->\n\t\t\t\t\t\t\t\t\t\t<i class=\"fas fa-plus\"><\/i>                                    <\/div>\n\n                                    <div class=\"ekit_accordion_active_icon\">\n                                        <!-- Active Icon -->\n\t\t\t\t\t\t\t\t\t\t<i class=\"fas fa-minus\"><\/i>                                    <\/div>\n                                <\/div>\n\n                            \n                                                    <\/a>\n                    <\/div>\n\n                    <div id=\"Collapse-fd98bf569f0e572dbb45\" class=\" collapse\" aria-labelledby=\"primaryHeading-3-492fd4e\" data-parent=\"#accordion-69f0e572dbb45\">\n\n                        <div class=\"elementskit-card-body ekit-accordion--content\">\n                            <p>Non, d\u00e9sol\u00e9. Les gels de blanchiment n'affectent que la structure naturelle de la dent. Vos couronnes, facettes ou plombages existants ne changeront pas de couleur. Si le contraste est trop grand, nous pourrons discuter du remplacement de ces restaurations.<\/p>                        <\/div>\n\n                    <\/div>\n\n                <\/div><!-- .elementskit-card END -->\n\n                \n                <div class=\"elementskit-card \">\n                    <div class=\"elementskit-card-header\" id=\"primaryHeading-4-492fd4e\">\n                        <a href=\"#collapse-f10202869f0e572dbb45\" class=\"ekit-accordion--toggler elementskit-btn-link collapsed\" data-ekit-toggle=\"collapse\" data-target=\"#Collapse-f10202869f0e572dbb45\" aria-expanded=\"false\" aria-controls=\"Collapse-f10202869f0e572dbb45\">\n                            \n                            <span class=\"ekit-accordion-title\">Combien de temps durera la nouvelle couleur blanche?<\/span>\n\n                            \n                                <div class=\"ekit_accordion_icon_group\">\n                                    <div class=\"ekit_accordion_normal_icon\">\n                                        <!-- Normal Icon -->\n\t\t\t\t\t\t\t\t\t\t<i class=\"fas fa-plus\"><\/i>                                    <\/div>\n\n                                    <div class=\"ekit_accordion_active_icon\">\n                                        <!-- Active Icon -->\n\t\t\t\t\t\t\t\t\t\t<i class=\"fas fa-minus\"><\/i>                                    <\/div>\n                                <\/div>\n\n                            \n                                                    <\/a>\n                    <\/div>\n\n                    <div id=\"Collapse-f10202869f0e572dbb45\" class=\" collapse\" aria-labelledby=\"primaryHeading-4-492fd4e\" data-parent=\"#accordion-69f0e572dbb45\">\n\n                        <div class=\"elementskit-card-body ekit-accordion--content\">\n                            <p>G\u00e9n\u00e9ralement, vous pouvez esp\u00e9rer des r\u00e9sultats durant un \u00e0 trois ans, mais cela d\u00e9pend fortement de votre style de vie et de votre assiduit\u00e9 \u00e0 utiliser les kits de retouche.<\/p>                        <\/div>\n\n                    <\/div>\n\n                <\/div><!-- .elementskit-card END -->\n\n                \n                <div class=\"elementskit-card \">\n                    <div class=\"elementskit-card-header\" id=\"primaryHeading-5-492fd4e\">\n                        <a href=\"#collapse-3a5455b69f0e572dbb45\" class=\"ekit-accordion--toggler elementskit-btn-link collapsed\" data-ekit-toggle=\"collapse\" data-target=\"#Collapse-3a5455b69f0e572dbb45\" aria-expanded=\"false\" aria-controls=\"Collapse-3a5455b69f0e572dbb45\">\n                            \n                            <span class=\"ekit-accordion-title\">Pourquoi le blanchiment professionnel est-il meilleur que les kits de magasin?<\/span>\n\n                            \n                                <div class=\"ekit_accordion_icon_group\">\n                                    <div class=\"ekit_accordion_normal_icon\">\n                                        <!-- Normal Icon -->\n\t\t\t\t\t\t\t\t\t\t<i class=\"fas fa-plus\"><\/i>                                    <\/div>\n\n                                    <div class=\"ekit_accordion_active_icon\">\n                                        <!-- Active Icon -->\n\t\t\t\t\t\t\t\t\t\t<i class=\"fas fa-minus\"><\/i>                                    <\/div>\n                                <\/div>\n\n                            \n                                                    <\/a>\n                    <\/div>\n\n                    <div id=\"Collapse-3a5455b69f0e572dbb45\" class=\" collapse\" aria-labelledby=\"primaryHeading-5-492fd4e\" data-parent=\"#accordion-69f0e572dbb45\">\n\n                        <div class=\"elementskit-card-body ekit-accordion--content\">\n                            <p>Nous utilisons des concentrations bien plus \u00e9lev\u00e9es de principes actifs pour une v\u00e9ritable \u00e9limination des taches profondes. De plus, les goutti\u00e8res sur mesure (pour la maison) ou l'activation lumineuse (au cabinet) rendent les r\u00e9sultats plus rapides, plus s\u00fbrs et bien plus spectaculaires.<\/p>                        <\/div>\n\n                    <\/div>\n\n                <\/div><!-- .elementskit-card END -->\n\n                \n                <div class=\"elementskit-card \">\n                    <div class=\"elementskit-card-header\" id=\"primaryHeading-6-492fd4e\">\n                        <a href=\"#collapse-e64862469f0e572dbb45\" class=\"ekit-accordion--toggler elementskit-btn-link collapsed\" data-ekit-toggle=\"collapse\" data-target=\"#Collapse-e64862469f0e572dbb45\" aria-expanded=\"false\" aria-controls=\"Collapse-e64862469f0e572dbb45\">\n                            \n                            <span class=\"ekit-accordion-title\">Tout le monde peut-il se faire blanchir les dents?<\/span>\n\n                            \n                                <div class=\"ekit_accordion_icon_group\">\n                                    <div class=\"ekit_accordion_normal_icon\">\n                                        <!-- Normal Icon -->\n\t\t\t\t\t\t\t\t\t\t<i class=\"fas fa-plus\"><\/i>                                    <\/div>\n\n                                    <div class=\"ekit_accordion_active_icon\">\n                                        <!-- Active Icon -->\n\t\t\t\t\t\t\t\t\t\t<i class=\"fas fa-minus\"><\/i>                                    <\/div>\n                                <\/div>\n\n                            \n                                                    <\/a>\n                    <\/div>\n\n                    <div id=\"Collapse-e64862469f0e572dbb45\" class=\" collapse\" aria-labelledby=\"primaryHeading-6-492fd4e\" data-parent=\"#accordion-69f0e572dbb45\">\n\n                        <div class=\"elementskit-card-body ekit-accordion--content\">\n                            <p>La plupart des adultes le peuvent, mais nous le d\u00e9conseillons g\u00e9n\u00e9ralement aux femmes enceintes ou allaitantes, aux moins de 16 ans, ou aux personnes souffrant de maladies parodontales graves ou d'une sensibilit\u00e9 dentaire non trait\u00e9e. Nous r\u00e9glons ces probl\u00e8mes d'abord.<\/p>                        <\/div>\n\n                    <\/div>\n\n                <\/div><!-- .elementskit-card END -->\n\n                                        <\/div>\n    <\/div>\t\t\t\t<\/div>\n\t\t\t\t<\/div>\n\t\t\t\t<div class=\"elementor-element elementor-element-83935ec at-heading-animation at-animation-heading-none elementor-widget elementor-widget-heading\" data-id=\"83935ec\" data-element_type=\"widget\" data-e-type=\"widget\" data-settings=\"{&quot;ekit_we_effect_on&quot;:&quot;none&quot;}\" data-widget_type=\"heading.default\">\n\t\t\t\t<div class=\"elementor-widget-container\">\n\t\t\t\t\t<h2 class=\"elementor-heading-title elementor-size-default\">Investissez dans votre confiance\n<\/h2>\t\t\t\t<\/div>\n\t\t\t\t<\/div>\n\t\t\t\t<div class=\"elementor-element elementor-element-595cb2e elementor-widget elementor-widget-text-editor\" data-id=\"595cb2e\" data-element_type=\"widget\" data-e-type=\"widget\" data-settings=\"{&quot;ekit_we_effect_on&quot;:&quot;none&quot;}\" data-widget_type=\"text-editor.default\">\n\t\t\t\t<div class=\"elementor-widget-container\">\n\t\t\t\t\t\t\t\t\t<p>Pr\u00eat pour un sourire radicalement plus blanc en une seule visite? Contactez Dentique via notre site web ou\u00a0<b>WhatsApp<\/b>. Laissez-nous vous aider \u00e0 choisir la solution de blanchiment parfaite pour vous!<\/p>\t\t\t\t\t\t\t\t<\/div>\n\t\t\t\t<\/div>\n\t\t\t\t<\/div>\n\t\t\t\t<\/div>\n\t\t<div class=\"elementor-element elementor-element-d7303b7 e-con-full e-flex e-con e-child\" data-id=\"d7303b7\" data-element_type=\"container\" data-e-type=\"container\">\n\t\t<div class=\"elementor-element elementor-element-d1f3d43 e-con-full sticky-column e-flex e-con e-child\" data-id=\"d1f3d43\" data-element_type=\"container\" data-e-type=\"container\">\n\t\t\t\t<div class=\"elementor-element elementor-element-2048a64 elementor-widget elementor-widget-primecare-elementor-template\" data-id=\"2048a64\" data-element_type=\"widget\" data-e-type=\"widget\" data-settings=\"{&quot;ekit_we_effect_on&quot;:&quot;none&quot;}\" data-widget_type=\"primecare-elementor-template.default\">\n\t\t\t\t<div class=\"elementor-widget-container\">\n\t\t\t\t\t\t\t<div class=\"elementor-template\">\n\t\t\t\t\t<\/div>\n\t\t\t\t\t\t<\/div>\n\t\t\t\t<\/div>\n\t\t\t\t<\/div>\n\t\t\t\t<\/div>\n\t\t\t\t\t<\/div>\n\t\t\t\t<\/div>\n\t\t\t\t<\/div>\n\t\t","protected":false},"excerpt":{"rendered":"<p>Blanchiment Dentaire Home Soyons honn\u00eates un instant: un sourire d&rsquo;une blancheur \u00e9clatante respire la sant\u00e9 [&hellip;]<\/p>\n","protected":false},"author":1,"featured_media":0,"parent":8254,"menu_order":0,"comment_status":"closed","ping_status":"closed","template":"elementor_header_footer","meta":{"footnotes":""},"class_list":["post-8221","page","type-page","status-publish","hentry"],"yoast_head":"<!-- This site is optimized with the Yoast SEO plugin v27.2 - https:\/\/yoast.com\/product\/yoast-seo-wordpress\/ -->\n<title>Blanchiment des dents - Dentique<\/title>\n<meta name=\"robots\" content=\"index, follow, max-snippet:-1, max-image-preview:large, max-video-preview:-1\" \/>\n<link rel=\"canonical\" href=\"https:\/\/dentique-co.com\/artleads\/services\/teeth-whitening\/\" \/>\n<meta property=\"og:locale\" content=\"fr_FR\" \/>\n<meta property=\"og:type\" content=\"article\" \/>\n<meta property=\"og:title\" content=\"Blanchiment des dents - Dentique\" \/>\n<meta property=\"og:description\" content=\"Blanchiment Dentaire Home Soyons honn\u00eates un instant: un sourire d&rsquo;une blancheur \u00e9clatante respire la sant\u00e9 [&hellip;]\" \/>\n<meta property=\"og:url\" content=\"https:\/\/dentique-co.com\/artleads\/services\/teeth-whitening\/\" \/>\n<meta property=\"og:site_name\" content=\"Dentique\" \/>\n<meta property=\"article:modified_time\" content=\"2025-12-27T03:17:01+00:00\" \/>\n<meta property=\"og:image\" content=\"http:\/\/dentique-co.com\/artleads\/wp-content\/uploads\/2025\/12\/teeth-whitening-In-Turkey-with-Dentique.webp\" \/>\n<meta name=\"twitter:card\" content=\"summary_large_image\" \/>\n<meta name=\"twitter:label1\" content=\"Dur\u00e9e de lecture estim\u00e9e\" \/>\n\t<meta name=\"twitter:data1\" content=\"7 minutes\" \/>\n<script type=\"application\/ld+json\" class=\"yoast-schema-graph\">{\"@context\":\"https:\/\/schema.org\",\"@graph\":[{\"@type\":\"WebPage\",\"@id\":\"https:\/\/dentique-co.com\/artleads\/services\/teeth-whitening\/\",\"url\":\"https:\/\/dentique-co.com\/artleads\/services\/teeth-whitening\/\",\"name\":\"Blanchiment des dents - Dentique\",\"isPartOf\":{\"@id\":\"https:\/\/dentique-co.com\/artleads\/#website\"},\"primaryImageOfPage\":{\"@id\":\"https:\/\/dentique-co.com\/artleads\/services\/teeth-whitening\/#primaryimage\"},\"image\":{\"@id\":\"https:\/\/dentique-co.com\/artleads\/services\/teeth-whitening\/#primaryimage\"},\"thumbnailUrl\":\"http:\/\/dentique-co.com\/wp-content\/uploads\/2025\/12\/teeth-whitening-In-Turkey-with-Dentique.webp\",\"datePublished\":\"2024-10-04T10:33:48+00:00\",\"dateModified\":\"2025-12-27T03:17:01+00:00\",\"breadcrumb\":{\"@id\":\"https:\/\/dentique-co.com\/artleads\/services\/teeth-whitening\/#breadcrumb\"},\"inLanguage\":\"fr-FR\",\"potentialAction\":[{\"@type\":\"ReadAction\",\"target\":[\"https:\/\/dentique-co.com\/artleads\/services\/teeth-whitening\/\"]}]},{\"@type\":\"ImageObject\",\"inLanguage\":\"fr-FR\",\"@id\":\"https:\/\/dentique-co.com\/artleads\/services\/teeth-whitening\/#primaryimage\",\"url\":\"http:\/\/dentique-co.com\/wp-content\/uploads\/2025\/12\/teeth-whitening-In-Turkey-with-Dentique.webp\",\"contentUrl\":\"http:\/\/dentique-co.com\/wp-content\/uploads\/2025\/12\/teeth-whitening-In-Turkey-with-Dentique.webp\"},{\"@type\":\"BreadcrumbList\",\"@id\":\"https:\/\/dentique-co.com\/artleads\/services\/teeth-whitening\/#breadcrumb\",\"itemListElement\":[{\"@type\":\"ListItem\",\"position\":1,\"name\":\"Home\",\"item\":\"https:\/\/dentique-co.com\/artleads\/fr\/\"},{\"@type\":\"ListItem\",\"position\":2,\"name\":\"Soins Dentaires\",\"item\":\"https:\/\/dentique-co.com\/artleads\/fr\/services\/\"},{\"@type\":\"ListItem\",\"position\":3,\"name\":\"Blanchiment des dents\"}]},{\"@type\":\"WebSite\",\"@id\":\"https:\/\/dentique-co.com\/artleads\/#website\",\"url\":\"https:\/\/dentique-co.com\/artleads\/\",\"name\":\"Dentique\",\"description\":\"Cosmetic Dentistry in Turkey\",\"publisher\":{\"@id\":\"https:\/\/dentique-co.com\/artleads\/#organization\"},\"potentialAction\":[{\"@type\":\"SearchAction\",\"target\":{\"@type\":\"EntryPoint\",\"urlTemplate\":\"https:\/\/dentique-co.com\/artleads\/?s={search_term_string}\"},\"query-input\":{\"@type\":\"PropertyValueSpecification\",\"valueRequired\":true,\"valueName\":\"search_term_string\"}}],\"inLanguage\":\"fr-FR\"},{\"@type\":\"Organization\",\"@id\":\"https:\/\/dentique-co.com\/artleads\/#organization\",\"name\":\"Dentique\",\"url\":\"https:\/\/dentique-co.com\/artleads\/\",\"logo\":{\"@type\":\"ImageObject\",\"inLanguage\":\"fr-FR\",\"@id\":\"https:\/\/dentique-co.com\/artleads\/#\/schema\/logo\/image\/\",\"url\":\"https:\/\/dentique-co.com\/wp-content\/uploads\/2024\/10\/Dentique-Clinic-Website-Logo-Original-and-White-Version_150-x-48.74-px-White-Color-1.png\",\"contentUrl\":\"https:\/\/dentique-co.com\/wp-content\/uploads\/2024\/10\/Dentique-Clinic-Website-Logo-Original-and-White-Version_150-x-48.74-px-White-Color-1.png\",\"width\":626,\"height\":216,\"caption\":\"Dentique\"},\"image\":{\"@id\":\"https:\/\/dentique-co.com\/artleads\/#\/schema\/logo\/image\/\"}}]}<\/script>\n<!-- \/ Yoast SEO plugin. -->","yoast_head_json":{"title":"Blanchiment des dents - Dentique","robots":{"index":"index","follow":"follow","max-snippet":"max-snippet:-1","max-image-preview":"max-image-preview:large","max-video-preview":"max-video-preview:-1"},"canonical":"https:\/\/dentique-co.com\/artleads\/services\/teeth-whitening\/","og_locale":"fr_FR","og_type":"article","og_title":"Blanchiment des dents - Dentique","og_description":"Blanchiment Dentaire Home Soyons honn\u00eates un instant: un sourire d&rsquo;une blancheur \u00e9clatante respire la sant\u00e9 [&hellip;]","og_url":"https:\/\/dentique-co.com\/artleads\/services\/teeth-whitening\/","og_site_name":"Dentique","article_modified_time":"2025-12-27T03:17:01+00:00","og_image":[{"url":"http:\/\/dentique-co.com\/artleads\/wp-content\/uploads\/2025\/12\/teeth-whitening-In-Turkey-with-Dentique.webp","type":"","width":"","height":""}],"twitter_card":"summary_large_image","twitter_misc":{"Dur\u00e9e de lecture estim\u00e9e":"7 minutes"},"schema":{"@context":"https:\/\/schema.org","@graph":[{"@type":"WebPage","@id":"https:\/\/dentique-co.com\/artleads\/services\/teeth-whitening\/","url":"https:\/\/dentique-co.com\/artleads\/services\/teeth-whitening\/","name":"Blanchiment des dents - Dentique","isPartOf":{"@id":"https:\/\/dentique-co.com\/artleads\/#website"},"primaryImageOfPage":{"@id":"https:\/\/dentique-co.com\/artleads\/services\/teeth-whitening\/#primaryimage"},"image":{"@id":"https:\/\/dentique-co.com\/artleads\/services\/teeth-whitening\/#primaryimage"},"thumbnailUrl":"http:\/\/dentique-co.com\/wp-content\/uploads\/2025\/12\/teeth-whitening-In-Turkey-with-Dentique.webp","datePublished":"2024-10-04T10:33:48+00:00","dateModified":"2025-12-27T03:17:01+00:00","breadcrumb":{"@id":"https:\/\/dentique-co.com\/artleads\/services\/teeth-whitening\/#breadcrumb"},"inLanguage":"fr-FR","potentialAction":[{"@type":"ReadAction","target":["https:\/\/dentique-co.com\/artleads\/services\/teeth-whitening\/"]}]},{"@type":"ImageObject","inLanguage":"fr-FR","@id":"https:\/\/dentique-co.com\/artleads\/services\/teeth-whitening\/#primaryimage","url":"http:\/\/dentique-co.com\/wp-content\/uploads\/2025\/12\/teeth-whitening-In-Turkey-with-Dentique.webp","contentUrl":"http:\/\/dentique-co.com\/wp-content\/uploads\/2025\/12\/teeth-whitening-In-Turkey-with-Dentique.webp"},{"@type":"BreadcrumbList","@id":"https:\/\/dentique-co.com\/artleads\/services\/teeth-whitening\/#breadcrumb","itemListElement":[{"@type":"ListItem","position":1,"name":"Home","item":"https:\/\/dentique-co.com\/artleads\/fr\/"},{"@type":"ListItem","position":2,"name":"Soins Dentaires","item":"https:\/\/dentique-co.com\/artleads\/fr\/services\/"},{"@type":"ListItem","position":3,"name":"Blanchiment des dents"}]},{"@type":"WebSite","@id":"https:\/\/dentique-co.com\/artleads\/#website","url":"https:\/\/dentique-co.com\/artleads\/","name":"Dentique","description":"Cosmetic Dentistry in Turkey","publisher":{"@id":"https:\/\/dentique-co.com\/artleads\/#organization"},"potentialAction":[{"@type":"SearchAction","target":{"@type":"EntryPoint","urlTemplate":"https:\/\/dentique-co.com\/artleads\/?s={search_term_string}"},"query-input":{"@type":"PropertyValueSpecification","valueRequired":true,"valueName":"search_term_string"}}],"inLanguage":"fr-FR"},{"@type":"Organization","@id":"https:\/\/dentique-co.com\/artleads\/#organization","name":"Dentique","url":"https:\/\/dentique-co.com\/artleads\/","logo":{"@type":"ImageObject","inLanguage":"fr-FR","@id":"https:\/\/dentique-co.com\/artleads\/#\/schema\/logo\/image\/","url":"https:\/\/dentique-co.com\/wp-content\/uploads\/2024\/10\/Dentique-Clinic-Website-Logo-Original-and-White-Version_150-x-48.74-px-White-Color-1.png","contentUrl":"https:\/\/dentique-co.com\/wp-content\/uploads\/2024\/10\/Dentique-Clinic-Website-Logo-Original-and-White-Version_150-x-48.74-px-White-Color-1.png","width":626,"height":216,"caption":"Dentique"},"image":{"@id":"https:\/\/dentique-co.com\/artleads\/#\/schema\/logo\/image\/"}}]}},"_links":{"self":[{"href":"https:\/\/dentique-co.com\/fr\/wp-json\/wp\/v2\/pages\/8221","targetHints":{"allow":["GET"]}}],"collection":[{"href":"https:\/\/dentique-co.com\/fr\/wp-json\/wp\/v2\/pages"}],"about":[{"href":"https:\/\/dentique-co.com\/fr\/wp-json\/wp\/v2\/types\/page"}],"author":[{"embeddable":true,"href":"https:\/\/dentique-co.com\/fr\/wp-json\/wp\/v2\/users\/1"}],"replies":[{"embeddable":true,"href":"https:\/\/dentique-co.com\/fr\/wp-json\/wp\/v2\/comments?post=8221"}],"version-history":[{"count":8,"href":"https:\/\/dentique-co.com\/fr\/wp-json\/wp\/v2\/pages\/8221\/revisions"}],"predecessor-version":[{"id":8524,"href":"https:\/\/dentique-co.com\/fr\/wp-json\/wp\/v2\/pages\/8221\/revisions\/8524"}],"up":[{"embeddable":true,"href":"https:\/\/dentique-co.com\/fr\/wp-json\/wp\/v2\/pages\/8254"}],"wp:attachment":[{"href":"https:\/\/dentique-co.com\/fr\/wp-json\/wp\/v2\/media?parent=8221"}],"curies":[{"name":"wp","href":"https:\/\/api.w.org\/{rel}","templated":true}]}}